{"id":1170,"date":"2019-07-11T12:24:23","date_gmt":"2019-07-11T10:24:23","guid":{"rendered":"http:\/\/www.krapf-lex.de\/?page_id=1170"},"modified":"2019-07-15T15:41:23","modified_gmt":"2019-07-15T13:41:23","slug":"pie-de-imprenta","status":"publish","type":"page","link":"https:\/\/www.krapf-lex.de\/es\/pie-de-imprenta\/","title":{"rendered":"Pie de imprenta"},"content":{"rendered":"<div class=\"wpb-content-wrapper\"><p>[vc_row][vc_column width=\u00bb1\/2&#8243;][vc_column_text]<\/p>\n<h2>Pie de imprenta<\/h2>\n<h3>Editor:<\/h3>\n<p><span lang=\"ES\"><b>Krapf &amp; Lex Nachf. Verkehrstechnik GmbH &amp; Co. KG<\/b><\/span><span lang=\"ES\"><br \/>\nSede de la sociedad Roding, <\/span><span lang=\"ES\">juzgado de primera instancia de Regensburg HRA 5640<br \/>\nGerente: Ing. dipl. (FH) Martin Schulz, Silvia Schulz<br \/>\nSocio colectivo: K&amp;L Verwaltungs-GmbH, sede de la sociedad Roding<br \/>\nRegistrado en el juzgado de primera instancia de Regensburg HBR 10246<br \/>\nN\u00ba fiscal: 255 \/ 166 \/ 51108<br \/>\nCIF: DE 811 390 956 <\/span><\/p>\n<p>Krapf &amp; Lex Nachf. Verkehrstechnik GmbH &amp; Co. KG<br \/>\nNeuer Gstettenweg 2<br \/>\nD-93426 Roding<\/p>\n<p>Tel\u00e9fono: +49 (0) 94 61\u00a0\/\u00a091 23 72<br \/>\nFax: +49 (0) 94 61 \/ 91 12 75<br \/>\nP\u00e1gina web: <a class=\"internal-link\" href=\"http:\/\/www.krapf-lex.de\/\" target=\"_blank\" rel=\"noopener noreferrer\">http:\/\/www.krapf-lex.de<\/a><br \/>\nCorreo electr\u00f3nico: <a class=\"mail\" href=\"mailto:contact@krapf-lex.de\">contact(at)krapf-lex(dot)de<\/a><\/p>\n<h3><span lang=\"FR\"><span lang=\"ES\">Responsable del contenido<\/span><\/span><\/h3>\n<p>Dipl.-Ing (FH) Martin Schulz<br \/>\nKrapf &amp; Lex Nachf. Verkehrstechnik GmbH &amp; Co. KG<br \/>\nStresemannstra\u00dfe 13<br \/>\nD-92637 Weiden<\/p>\n<p>Telefon: +49 (0) 9 61 \/ 6 34 84 &#8211; 50<br \/>\nFax: +49 (0) 9 61 \/ 6 34 84 &#8211; 54<br \/>\nE-Mail: <a href=\"mailto:contact@krapf-lex.de\">contact(at)krapf-lex(dot)de<\/a>[\/vc_column_text][vc_column_text]<\/p>\n<h3>Cr\u00e9ditos de las fotograf\u00edas<\/h3>\n<p class=\"no-margin beta\"><span class=\"grey dove-text\">Headerbild Filter Regen\u00a0<\/span><span class=\"grey mountain-mist-text\">von<\/span> <span class=\"blue bleu-de-france-text\"><a class=\"blue bleu-de-france-text\" href=\"https:\/\/stock.adobe.com\/de\/contributor\/206184451\/johnalexandr?load_type=author&amp;prev_url=detail\" data-ingest-clicktype=\"details-contributor-link\">johnalexandr<\/a>\u00a0@ stock.adobe.com<br \/>\n<\/span><span class=\"grey dove-text\">Headerbild Filter Staub\u00a0<\/span><span class=\"grey mountain-mist-text\">von<\/span> <span class=\"blue bleu-de-france-text\"><a class=\"blue bleu-de-france-text\" href=\"https:\/\/stock.adobe.com\/de\/contributor\/203424719\/allard1?load_type=author&amp;prev_url=detail\" data-ingest-clicktype=\"details-contributor-link\">allard1<\/a> @ stock.adobe.com<br \/>\nHeaderbild Filter Schnee von <\/span><span class=\"blue bleu-de-france-text\"><a class=\"blue bleu-de-france-text\" href=\"https:\/\/stock.adobe.com\/de\/contributor\/201569721\/tobias-arhelger?load_type=author&amp;prev_url=detail\" data-ingest-clicktype=\"details-contributor-link\">Tobias Arhelger<\/a><\/span><span class=\"blue bleu-de-france-text\">\u00a0<\/span><span class=\"blue bleu-de-france-text\">@ stock.adobe.com<br \/>\nHeaderbild Filter Druckschl\u00e4ge\u00a0<\/span><span class=\"grey mountain-mist-text\">von<\/span> <span class=\"blue bleu-de-france-text\"><a class=\"blue bleu-de-france-text\" href=\"https:\/\/stock.adobe.com\/de\/contributor\/200965174\/lightpoet?load_type=author&amp;prev_url=detail\" data-ingest-clicktype=\"details-contributor-link\">lightpoet<\/a> @ stock.adobe.com<br \/>\nHeaderbild Kontakt v<\/span><span class=\"grey mountain-mist-text\">on<\/span> <span class=\"blue bleu-de-france-text\"><a class=\"blue bleu-de-france-text\" href=\"https:\/\/stock.adobe.com\/de\/contributor\/200825764\/redpixel?load_type=author&amp;prev_url=detail\" data-ingest-clicktype=\"details-contributor-link\">REDPIXEL<\/a><\/span><span class=\"blue bleu-de-france-text\">\u00a0@ stock.adobe.com<br \/>\nHeaderbild Informationen\u00a0<\/span><span class=\"grey mountain-mist-text\">von<\/span> <span class=\"blue bleu-de-france-text\"><a class=\"blue bleu-de-france-text\" href=\"https:\/\/stock.adobe.com\/de\/contributor\/200417761\/bits-and-splits?load_type=author&amp;prev_url=detail\" data-ingest-clicktype=\"details-contributor-link\">Bits and Splits<\/a> @ stock.adobe.com<\/span><\/p>\n<p>[\/vc_column_text][\/vc_column][vc_column width=\u00bb1\/2&#8243;][vc_column_text]<\/p>\n<h3><span lang=\"FR\"><span lang=\"ES\">Exoneraci\u00f3n de responsabilidad<\/span><\/span><\/h3>\n<p><span lang=\"ES\">Toda la informaci\u00f3n se ofrece a mejor saber y entender.<br \/>\nSi hemos incurrido, no obstante, en alg\u00fan error, lo sentimos, pero no nos podemos responsabilizar de \u00e9l.<br \/>\nLe informamos adem\u00e1s expresamente que estamos modificando continuamente nuestra oferta informativa por motivos de actualidad. <\/span><\/p>\n<h3>\u00a9 <span lang=\"ES\">Propiedad intelectual (Copyright)<\/span><\/h3>\n<p><span lang=\"ES\">El contenido del sitio Web\u00a0<\/span> <a href=\"http:\/\/www.krapf-lex.de\/\" target=\"_blank\" rel=\"noopener noreferrer\">www.krapf-lex.de<\/a> <span lang=\"ES\">est\u00e1 protegido por las leyes de propiedad intelectual. Las noticias s\u00f3lo est\u00e1n destinadas para su informaci\u00f3n personal. Cualquier otro empleo est\u00e1 prohibido, especialmente el almacenamiento en bases de datos, publicaciones, reproducciones y cualquier otra forma de uso comercial as\u00ed como la transmisi\u00f3n a terceros &#8211; tambi\u00e9n parcial o en forma retocada &#8211; sin la autorizaci\u00f3n de Krapf &amp; Lex Verkehrstechnik GmbH &amp; Co. KG <\/span>.<\/p>\n<h3><span lang=\"ES\">Exoneraci\u00f3n de responsabilidad, referencia y enlaces<\/span><\/h3>\n<p><span lang=\"ES\">En caso de referencias directas o indirectas a p\u00e1ginas Web ajenas (\u00abhiperenlaces\u00bb) que est\u00e1n fuera del \u00e1rea de responsabilidad del autor, un deber de indemnizar se aplicar\u00eda exclusivamente en el caso de que el autor tenga conocimiento del contenido y fuera posible y razonable t\u00e9cnicamente evitar el uso en caso de contenidos ilegales. El autor declara por la presente expresamente que en el momento del establecimiento de los enlaces no se detectaron contenidos ilegales en las p\u00e1ginas enlazadas. El autor no tiene ninguna influencia sobre el dise\u00f1o, el contenido o la autor\u00eda actuales o futuros de las p\u00e1ginas vinculadas\/enlazadas. Por lo tanto, se distancia por la presente expresamente de todos los contenidos de todas las p\u00e1ginas enlazadas\/vinculadas que se hayan modificado despu\u00e9s de haber puesto los enlaces. Esta constataci\u00f3n se aplica para todos los enlaces y referencias puestas dentro de la oferta propia de Internet as\u00ed como para entradas ajenas en libros de visitas, foros de discusi\u00f3n y listas de mailing configuradas por el autor. Por contenidos ilegales, defectuosos o incompletos y especialmente por da\u00f1os derivados del uso o no uso de tal informaci\u00f3n ofrecida de tal modo se responsabiliza exclusivamente el oferente de la p\u00e1gina a la que se remite, no aquel que se limita a remitir mediante enlaces a las respectivas publicaciones.<\/span>[\/vc_column_text][\/vc_column][\/vc_row][vc_row][vc_column][\/vc_column][\/vc_row]<\/p>\n<\/div>","protected":false},"excerpt":{"rendered":"<p>[vc_row][vc_column width=\u00bb1\/2&#8243;][vc_column_text] Pie de imprenta Editor: Krapf &amp; Lex Nachf. Verkehrstechnik GmbH &amp; Co. KG Sede de la sociedad Roding, juzgado de primera instancia de Regensburg HRA 5640 Gerente: Ing. dipl. (FH) Martin Schulz, Silvia Schulz Socio colectivo: K&amp;L Verwaltungs-GmbH, sede de la sociedad Roding Registrado en el juzgado de primera instancia de Regensburg HBR&hellip;<\/p>\n","protected":false},"author":3,"featured_media":0,"parent":0,"menu_order":0,"comment_status":"closed","ping_status":"closed","template":"","meta":{"footnotes":""},"class_list":["post-1170","page","type-page","status-publish","hentry","description-off"],"yoast_head":"<!-- This site is optimized with the Yoast SEO plugin v26.9 - https:\/\/yoast.com\/product\/yoast-seo-wordpress\/ -->\n<title>Pie de imprenta - Krapf &amp; Lex<\/title>\n<meta name=\"robots\" content=\"index, follow, max-snippet:-1, max-image-preview:large, max-video-preview:-1\" \/>\n<link rel=\"canonical\" href=\"https:\/\/www.krapf-lex.de\/es\/pie-de-imprenta\/\" \/>\n<meta property=\"og:locale\" content=\"es_ES\" \/>\n<meta property=\"og:type\" content=\"article\" \/>\n<meta property=\"og:title\" content=\"Pie de imprenta - Krapf &amp; Lex\" \/>\n<meta property=\"og:description\" content=\"[vc_row][vc_column width=\u00bb1\/2&#8243;][vc_column_text] Pie de imprenta Editor: Krapf &amp; Lex Nachf. Verkehrstechnik GmbH &amp; Co. KG Sede de la sociedad Roding, juzgado de primera instancia de Regensburg HRA 5640 Gerente: Ing. dipl. (FH) Martin Schulz, Silvia Schulz Socio colectivo: K&amp;L Verwaltungs-GmbH, sede de la sociedad Roding Registrado en el juzgado de primera instancia de Regensburg HBR&hellip;\" \/>\n<meta property=\"og:url\" content=\"https:\/\/www.krapf-lex.de\/es\/pie-de-imprenta\/\" \/>\n<meta property=\"og:site_name\" content=\"Krapf &amp; Lex\" \/>\n<meta property=\"article:modified_time\" content=\"2019-07-15T13:41:23+00:00\" \/>\n<meta name=\"twitter:card\" content=\"summary_large_image\" \/>\n<meta name=\"twitter:label1\" content=\"Tiempo de lectura\" \/>\n\t<meta name=\"twitter:data1\" content=\"3 minutos\" \/>\n<script type=\"application\/ld+json\" class=\"yoast-schema-graph\">{\"@context\":\"https:\/\/schema.org\",\"@graph\":[{\"@type\":\"WebPage\",\"@id\":\"https:\/\/www.krapf-lex.de\/es\/pie-de-imprenta\/\",\"url\":\"https:\/\/www.krapf-lex.de\/es\/pie-de-imprenta\/\",\"name\":\"Pie de imprenta - Krapf &amp; Lex\",\"isPartOf\":{\"@id\":\"https:\/\/www.krapf-lex.de\/es\/#website\"},\"datePublished\":\"2019-07-11T10:24:23+00:00\",\"dateModified\":\"2019-07-15T13:41:23+00:00\",\"breadcrumb\":{\"@id\":\"https:\/\/www.krapf-lex.de\/es\/pie-de-imprenta\/#breadcrumb\"},\"inLanguage\":\"es\",\"potentialAction\":[{\"@type\":\"ReadAction\",\"target\":[\"https:\/\/www.krapf-lex.de\/es\/pie-de-imprenta\/\"]}]},{\"@type\":\"BreadcrumbList\",\"@id\":\"https:\/\/www.krapf-lex.de\/es\/pie-de-imprenta\/#breadcrumb\",\"itemListElement\":[{\"@type\":\"ListItem\",\"position\":1,\"name\":\"Startseite\",\"item\":\"https:\/\/www.krapf-lex.de\/es\/\"},{\"@type\":\"ListItem\",\"position\":2,\"name\":\"Pie de imprenta\"}]},{\"@type\":\"WebSite\",\"@id\":\"https:\/\/www.krapf-lex.de\/es\/#website\",\"url\":\"https:\/\/www.krapf-lex.de\/es\/\",\"name\":\"Krapf &amp; Lex\",\"description\":\"Weiden i. d. Oberpfalz\",\"potentialAction\":[{\"@type\":\"SearchAction\",\"target\":{\"@type\":\"EntryPoint\",\"urlTemplate\":\"https:\/\/www.krapf-lex.de\/es\/?s={search_term_string}\"},\"query-input\":{\"@type\":\"PropertyValueSpecification\",\"valueRequired\":true,\"valueName\":\"search_term_string\"}}],\"inLanguage\":\"es\"}]}<\/script>\n<!-- \/ Yoast SEO plugin. -->","yoast_head_json":{"title":"Pie de imprenta - Krapf &amp; Lex","robots":{"index":"index","follow":"follow","max-snippet":"max-snippet:-1","max-image-preview":"max-image-preview:large","max-video-preview":"max-video-preview:-1"},"canonical":"https:\/\/www.krapf-lex.de\/es\/pie-de-imprenta\/","og_locale":"es_ES","og_type":"article","og_title":"Pie de imprenta - Krapf &amp; Lex","og_description":"[vc_row][vc_column width=\u00bb1\/2&#8243;][vc_column_text] Pie de imprenta Editor: Krapf &amp; Lex Nachf. Verkehrstechnik GmbH &amp; Co. KG Sede de la sociedad Roding, juzgado de primera instancia de Regensburg HRA 5640 Gerente: Ing. dipl. (FH) Martin Schulz, Silvia Schulz Socio colectivo: K&amp;L Verwaltungs-GmbH, sede de la sociedad Roding Registrado en el juzgado de primera instancia de Regensburg HBR&hellip;","og_url":"https:\/\/www.krapf-lex.de\/es\/pie-de-imprenta\/","og_site_name":"Krapf &amp; Lex","article_modified_time":"2019-07-15T13:41:23+00:00","twitter_card":"summary_large_image","twitter_misc":{"Tiempo de lectura":"3 minutos"},"schema":{"@context":"https:\/\/schema.org","@graph":[{"@type":"WebPage","@id":"https:\/\/www.krapf-lex.de\/es\/pie-de-imprenta\/","url":"https:\/\/www.krapf-lex.de\/es\/pie-de-imprenta\/","name":"Pie de imprenta - Krapf &amp; Lex","isPartOf":{"@id":"https:\/\/www.krapf-lex.de\/es\/#website"},"datePublished":"2019-07-11T10:24:23+00:00","dateModified":"2019-07-15T13:41:23+00:00","breadcrumb":{"@id":"https:\/\/www.krapf-lex.de\/es\/pie-de-imprenta\/#breadcrumb"},"inLanguage":"es","potentialAction":[{"@type":"ReadAction","target":["https:\/\/www.krapf-lex.de\/es\/pie-de-imprenta\/"]}]},{"@type":"BreadcrumbList","@id":"https:\/\/www.krapf-lex.de\/es\/pie-de-imprenta\/#breadcrumb","itemListElement":[{"@type":"ListItem","position":1,"name":"Startseite","item":"https:\/\/www.krapf-lex.de\/es\/"},{"@type":"ListItem","position":2,"name":"Pie de imprenta"}]},{"@type":"WebSite","@id":"https:\/\/www.krapf-lex.de\/es\/#website","url":"https:\/\/www.krapf-lex.de\/es\/","name":"Krapf &amp; Lex","description":"Weiden i. d. Oberpfalz","potentialAction":[{"@type":"SearchAction","target":{"@type":"EntryPoint","urlTemplate":"https:\/\/www.krapf-lex.de\/es\/?s={search_term_string}"},"query-input":{"@type":"PropertyValueSpecification","valueRequired":true,"valueName":"search_term_string"}}],"inLanguage":"es"}]}},"_links":{"self":[{"href":"https:\/\/www.krapf-lex.de\/es\/wp-json\/wp\/v2\/pages\/1170","targetHints":{"allow":["GET"]}}],"collection":[{"href":"https:\/\/www.krapf-lex.de\/es\/wp-json\/wp\/v2\/pages"}],"about":[{"href":"https:\/\/www.krapf-lex.de\/es\/wp-json\/wp\/v2\/types\/page"}],"author":[{"embeddable":true,"href":"https:\/\/www.krapf-lex.de\/es\/wp-json\/wp\/v2\/users\/3"}],"replies":[{"embeddable":true,"href":"https:\/\/www.krapf-lex.de\/es\/wp-json\/wp\/v2\/comments?post=1170"}],"version-history":[{"count":2,"href":"https:\/\/www.krapf-lex.de\/es\/wp-json\/wp\/v2\/pages\/1170\/revisions"}],"predecessor-version":[{"id":1256,"href":"https:\/\/www.krapf-lex.de\/es\/wp-json\/wp\/v2\/pages\/1170\/revisions\/1256"}],"wp:attachment":[{"href":"https:\/\/www.krapf-lex.de\/es\/wp-json\/wp\/v2\/media?parent=1170"}],"curies":[{"name":"wp","href":"https:\/\/api.w.org\/{rel}","templated":true}]}}